{"id":25,"date":"2015-09-07T13:42:51","date_gmt":"2015-09-07T13:42:51","guid":{"rendered":"http:\/\/localhost\/ibon\/?page_id=25"},"modified":"2025-10-15T20:45:04","modified_gmt":"2025-10-15T18:45:04","slug":"prevencion","status":"publish","type":"page","link":"https:\/\/centroibon.es\/index.php\/prevencion\/","title":{"rendered":"Prevenci\u00f3n"},"content":{"rendered":"\n<p><strong>PREVENCI\u00d3N<\/strong><\/p>\n\n\n\n<p>Colaboramos con las instituciones p\u00fablicas y privadas que demandan intervenciones preventivas de car\u00e1cter espec\u00edfico:<\/p>\n\n\n\n<ul class=\"wp-block-list\">\n<li>Ministerio de Sanidad.<\/li>\n\n\n\n<li>Ministerio de Derechos Sociales y Agenda 2030.<\/li>\n\n\n\n<li>Ministerio del Interior:\n<ul class=\"wp-block-list\">\n<li>Direcci\u00f3n General de Tr\u00e1fico (grupo de mayores)<\/li>\n\n\n\n<li>Secretar\u00eda General de Instituciones Penitenciarias<\/li>\n<\/ul>\n<\/li>\n\n\n\n<li>Gobierno de Arag\u00f3n:\n<ul class=\"wp-block-list\">\n<li>Instituto Aragon\u00e9s de la Mujer.<\/li>\n\n\n\n<li>Instituto Aragon\u00e9s de Servicios Sociales.<\/li>\n\n\n\n<li>Instituto Arag\u00f3nes de la Juventud.<\/li>\n\n\n\n<li>Salud P\u00fablica.<\/li>\n<\/ul>\n<\/li>\n\n\n\n<li>Diputaci\u00f3n Provincial de Zaragoza.<\/li>\n\n\n\n<li>Diputaci\u00f3n Provincial de Huesca.<\/li>\n\n\n\n<li>Ayuntamiento de Zaragoza.<\/li>\n\n\n\n<li>Ayuntamiento de Huesca.<\/li>\n\n\n\n<li>Comarca Alto G\u00e1llego (Huesca).<\/li>\n\n\n\n<li>Comarca de la Jacetania (Huesca).<\/li>\n\n\n\n<li>Ayuntamiento de Sabi\u00f1anigo (Huesca).<\/li>\n\n\n\n<li>Ayuntamientos.<\/li>\n<\/ul>\n\n\n\n<p>Seguimos el criterio de coherencia con los planes nacionales, auton\u00f3micos y locales en materia de prevenci\u00f3n de drogodependencias y otras conductas adictivas:<\/p>\n\n\n\n<ul class=\"wp-block-list\">\n<li>Estrategia Nacional Sobre Adicciones. 2017\/2024. <a href=\"http:\/\/centroibon.es\/wp-content\/uploads\/2018\/03\/180209_ESTRATEGIA_N.ADICCIONES_2017-2024__aprobada_CM.pdf\">Ver PDF<\/a><\/li>\n\n\n\n<li><strong>IV PLAN DE ADICCIONES&nbsp; 2025 &#8211; 2028 DEL GOBIERNO DE ARAG\u00d3N<\/strong>. DEPARTAMENTO DE SALUD P\u00daBLICA. <a href=\"https:\/\/centroibon.es\/wp-content\/uploads\/2025\/10\/IV-Plan-Adicciones-Aragon.pdf\" target=\"_blank\" rel=\"noopener\" title=\"\">Ver PDF<\/a><\/li>\n\n\n\n<li><strong>PROGRAMA \u201cEDUCACI\u00d3N SOBRE DROGAS\u201d en el \u00e1mbito educativo<\/strong>&nbsp;<strong>dirigido a menores de 12 a 16 a\u00f1os<\/strong>.<\/li>\n\n\n\n<li>Programa recomendado desde Salud P\u00fablica del Gobierno de Arag\u00f3n. <strong>UN-PLUGGED. <\/strong><a href=\"https:\/\/eps.aragon.es\/unplugged\/\" target=\"_blank\" rel=\"noopener nofollow\" title=\"\">Ver Links<\/a><\/li>\n\n\n\n<li><strong>III Plan Comarcal de Prevenci\u00f3n de Adicciones 2022-2030<\/strong> de la Comarca Alto G\u00e1llego.&nbsp;<a href=\"https:\/\/centroibon.es\/wp-content\/uploads\/2025\/10\/III-plan-comarcal-de-prevencion-de-adicciones-2022-2030-comarca-alto-gallego.pdf\" target=\"_blank\" rel=\"noopener\" title=\"\">Ver PDF<\/a>.<\/li>\n<\/ul>\n\n\n\n<div style=\"height:50px\" aria-hidden=\"true\" class=\"wp-block-spacer\"><\/div>\n\n\n\n<hr class=\"wp-block-separator has-alpha-channel-opacity\"\/>\n\n\n\n<div style=\"height:25px\" aria-hidden=\"true\" class=\"wp-block-spacer\"><\/div>\n\n\n\n<h2 class=\"wp-block-heading has-text-align-center\">Documentos en PDF del Plan Nacional Sobre Drogas<\/h2>\n\n\n\n<div class=\"wp-block-buttons alignwide is-content-justification-center is-layout-flex wp-container-core-buttons-is-layout-16018d1d wp-block-buttons-is-layout-flex\">\n<div class=\"wp-block-button\"><a class=\"wp-block-button__link has-white-color has-luminous-vivid-orange-background-color has-text-color has-background has-link-color wp-element-button\" href=\"https:\/\/centroibon.es\/index.php\/documentos-informes-y-encuestas\/\">Documentos: Informes y encuestas (pulsar)<\/a><\/div>\n<\/div>\n\n\n\n<div style=\"height:75px\" aria-hidden=\"true\" class=\"wp-block-spacer\"><\/div>\n\n\n\n<hr class=\"wp-block-separator has-alpha-channel-opacity\"\/>\n\n\n\n<div style=\"height:50px\" aria-hidden=\"true\" class=\"wp-block-spacer\"><\/div>\n\n\n\n<p><span style=\"font-size: revert; text-align: justify;\"><strong>Los programas de prevenci\u00f3n se enfocan desde la perspectiva de la promoci\u00f3n y la educaci\u00f3n para la salud.<\/strong><\/span><\/p>\n\n\n\n<p><strong>PROGRAMA DE APOYO ESCOLAR<\/strong><\/p>\n\n\n\n<ul class=\"wp-block-list\">\n<li>Desde el curso 2013-2014 se viene desarrollando el Programa de Apoyo Escolar, dirigido al alumnado de Primaria de los 3 centros escolares de Sabi\u00f1\u00e1nigo: Colegio Santa Ana, CEIP Monte Corona y CEIP Puente Sardas, con la finalidad de incidir a nivel preventivo, en la disminuci\u00f3n del fracaso y el abandono escolar como principal factor de riesgo hacia las adicciones.<\/li>\n<\/ul>\n\n\n\n<p><strong>PROGRAMA \u201cEDUCACI\u00d3N SOBRE DROGAS\u201d en el \u00e1mbito educativo<\/strong> <strong>dirigido a menores de 12 a 16 a\u00f1os<\/strong>.<\/p>\n\n\n\n<ul class=\"wp-block-list\">\n<li>Programa recomendado desde Salud P\u00fablica del Gobierno de Arag\u00f3n.<\/li>\n\n\n\n<li><a href=\"https:\/\/unplugged.edex.es\/\" target=\"_blank\" rel=\"noopener nofollow\" title=\"\">Ver Links<\/a><\/li>\n<\/ul>\n\n\n\n<p><strong>AMPAS<\/strong><\/p>\n\n\n\n<ul class=\"wp-block-list\">\n<li>Desde el curso 2010-2011 se viene desarollando Programas de Formaci\u00f3n &#8211; Prevenci\u00f3n con las AMPA&#8217;s de los centros escolares de la Comarca del Alto G\u00e1llego (Huesca). <\/li>\n<\/ul>\n\n\n\n<p><strong>CAMPA\u00d1AS DE PREVENCI\u00d3N<\/strong><\/p>\n\n\n\n<ul class=\"wp-block-list\">\n<li>Campa\u00f1a sobre Prevenci\u00f3n de Consumo de Alcohol del Gobierno de Arag\u00f3n:<br>Prevenci\u00f3n Consumo de Alcohol (<a href=\"http:\/\/centroibon.es\/wp-content\/uploads\/2021\/10\/PREVENCION-CONSUMO-ALCOHOL_CCAA-mod.pdf\" target=\"_blank\" rel=\"noopener\" title=\"\">ver PDF<\/a>).<br>Reducir Consumo de Alcohol (<a href=\"http:\/\/centroibon.es\/wp-content\/uploads\/2021\/10\/REDUCIR-CONSUMO-ALCOHOL_02_CCAA-mod.pdf\" target=\"_blank\" rel=\"noopener\" title=\"\">ver PDF<\/a>).<br>Sab\u00edas qu\u00e9&#8230; (<a href=\"http:\/\/centroibon.es\/wp-content\/uploads\/2021\/10\/SABIAS-QUE_02_CCAA-mod.pdf\" target=\"_blank\" rel=\"noopener\" title=\"\">ver PDF<\/a>).<\/li>\n<\/ul>\n","protected":false},"excerpt":{"rendered":"<p>PREVENCI\u00d3N Colaboramos con las instituciones p\u00fablicas y privadas que demandan intervenciones preventivas de car\u00e1cter espec\u00edfico: Seguimos el criterio de coherencia con los planes nacionales, auton\u00f3micos y locales en materia de prevenci\u00f3n de<a class=\"moretag\" href=\"https:\/\/centroibon.es\/index.php\/prevencion\/\">Leer m\u00e1s&#8230;<\/a><\/p>\n","protected":false},"author":1,"featured_media":1420,"parent":0,"menu_order":0,"comment_status":"closed","ping_status":"closed","template":"","meta":{"_monsterinsights_skip_tracking":false,"_monsterinsights_sitenote_active":false,"_monsterinsights_sitenote_note":"","_monsterinsights_sitenote_category":0,"footnotes":""},"class_list":["post-25","page","type-page","status-publish","has-post-thumbnail","hentry"],"aioseo_notices":[],"_links":{"self":[{"href":"https:\/\/centroibon.es\/index.php\/wp-json\/wp\/v2\/pages\/25","targetHints":{"allow":["GET"]}}],"collection":[{"href":"https:\/\/centroibon.es\/index.php\/wp-json\/wp\/v2\/pages"}],"about":[{"href":"https:\/\/centroibon.es\/index.php\/wp-json\/wp\/v2\/types\/page"}],"author":[{"embeddable":true,"href":"https:\/\/centroibon.es\/index.php\/wp-json\/wp\/v2\/users\/1"}],"replies":[{"embeddable":true,"href":"https:\/\/centroibon.es\/index.php\/wp-json\/wp\/v2\/comments?post=25"}],"version-history":[{"count":77,"href":"https:\/\/centroibon.es\/index.php\/wp-json\/wp\/v2\/pages\/25\/revisions"}],"predecessor-version":[{"id":2530,"href":"https:\/\/centroibon.es\/index.php\/wp-json\/wp\/v2\/pages\/25\/revisions\/2530"}],"wp:featuredmedia":[{"embeddable":true,"href":"https:\/\/centroibon.es\/index.php\/wp-json\/wp\/v2\/media\/1420"}],"wp:attachment":[{"href":"https:\/\/centroibon.es\/index.php\/wp-json\/wp\/v2\/media?parent=25"}],"curies":[{"name":"wp","href":"https:\/\/api.w.org\/{rel}","templated":true}]}}